{"id":168,"date":"2021-07-07T19:02:33","date_gmt":"2021-07-07T17:02:33","guid":{"rendered":"https:\/\/2021.ostravskamuzejninoc.cz\/?page_id=168"},"modified":"2021-08-26T10:38:19","modified_gmt":"2021-08-26T08:38:19","slug":"omn","status":"publish","type":"page","link":"https:\/\/2021.ostravskamuzejninoc.cz\/pl\/","title":{"rendered":"OMN 2021"},"content":{"rendered":"<p>&nbsp;<\/p>\n<p><img loading=\"lazy\" decoding=\"async\" class=\"aligncenter wp-image-344\" src=\"https:\/\/2021.ostravskamuzejninoc.cz\/wp-content\/uploads\/2021\/07\/omn_kolecko_homepage.png\" alt=\"\" width=\"1200\" height=\"655\" srcset=\"https:\/\/2021.ostravskamuzejninoc.cz\/wp-content\/uploads\/2021\/07\/omn_kolecko_homepage.png 1679w, https:\/\/2021.ostravskamuzejninoc.cz\/wp-content\/uploads\/2021\/07\/omn_kolecko_homepage-300x164.png 300w, https:\/\/2021.ostravskamuzejninoc.cz\/wp-content\/uploads\/2021\/07\/omn_kolecko_homepage-1024x559.png 1024w, https:\/\/2021.ostravskamuzejninoc.cz\/wp-content\/uploads\/2021\/07\/omn_kolecko_homepage-768x419.png 768w, https:\/\/2021.ostravskamuzejninoc.cz\/wp-content\/uploads\/2021\/07\/omn_kolecko_homepage-1536x838.png 1536w, https:\/\/2021.ostravskamuzejninoc.cz\/wp-content\/uploads\/2021\/07\/omn_kolecko_homepage-226x123.png 226w\" sizes=\"auto, (max-width: 1200px) 100vw, 1200px\" \/><\/p>\n<p>&nbsp;<\/p>\n<div class='content-column one_third'><div style=\"padding-right:10px;padding-left:10px;\"><p><span class=\"intro\">28. 8. 2021<\/span><\/p>\n<p>W sobot\u0119 przebiegnie dwunasty rocznik kulturalnego festiwalu Ostrawska Noc Muze\u00f3w. Wsp\u00f3lne jego rozpocz\u0119cie zaplanowano na godz.17.30 na placu Proke\u0161a przed budynkiem Nowego Ratusza. A\u017c do p\u00f3\u017anych godzin nocnych otworzymy Pa\u0144stwu drzwi do 22 ostrawskich instytucji i organizacji, kt\u00f3re pracuj\u0105 w zakresie kultury i edukacji.<\/p><\/div><\/div>\n<div class='content-column one_third'><div style=\"padding-top:20px;padding-right:10px;padding-left:10px;\"><p><img loading=\"lazy\" decoding=\"async\" class=\"alignnone size-full wp-image-338\" src=\"https:\/\/2021.ostravskamuzejninoc.cz\/wp-content\/uploads\/2021\/07\/Radnice_foto-Zdenek-Janosik-scaled.jpg\" alt=\"\" width=\"2560\" height=\"1707\" srcset=\"https:\/\/2021.ostravskamuzejninoc.cz\/wp-content\/uploads\/2021\/07\/Radnice_foto-Zdenek-Janosik-scaled.jpg 2560w, https:\/\/2021.ostravskamuzejninoc.cz\/wp-content\/uploads\/2021\/07\/Radnice_foto-Zdenek-Janosik-300x200.jpg 300w, https:\/\/2021.ostravskamuzejninoc.cz\/wp-content\/uploads\/2021\/07\/Radnice_foto-Zdenek-Janosik-1024x683.jpg 1024w, https:\/\/2021.ostravskamuzejninoc.cz\/wp-content\/uploads\/2021\/07\/Radnice_foto-Zdenek-Janosik-768x512.jpg 768w, https:\/\/2021.ostravskamuzejninoc.cz\/wp-content\/uploads\/2021\/07\/Radnice_foto-Zdenek-Janosik-1536x1024.jpg 1536w, https:\/\/2021.ostravskamuzejninoc.cz\/wp-content\/uploads\/2021\/07\/Radnice_foto-Zdenek-Janosik-2048x1365.jpg 2048w, https:\/\/2021.ostravskamuzejninoc.cz\/wp-content\/uploads\/2021\/07\/Radnice_foto-Zdenek-Janosik-226x151.jpg 226w\" sizes=\"auto, (max-width: 2560px) 100vw, 2560px\" \/><\/p><\/div><\/div>\n<div class='content-column one_third last_column'><div style=\"padding-right:10px;padding-left:10px;\"><p><span class=\"intro\">POBIERZ BROSZUR\u0118<\/span><br \/>\n<a href=\"https:\/\/2021.ostravskamuzejninoc.cz\/wp-content\/uploads\/2021\/08\/PDF_OMN_brozura.pdf\">PDF_OMN_brozura<\/a><\/p>\n<p>Cieszymy si\u0119 na Pa\u0144stwa odwiedziny w galeriach, bibliotece, zabytkach techniki, kawiarniach, klubach. Do przejazd\u00f3w mo\u017cecie Pa\u0144stwo wykorzysta\u0107 bezp\u0142atne muzealne linie autobusowe. Bilet\u00f3w wst\u0119pu nie p\u0142aci si\u0119. Podzielcie si\u0119 z nami atmosfer\u0105 i prze\u017cyciami na #ostravskamuzejninoc.<\/p><\/div><\/div><div class='clear_column'><\/div>\n<div class='content-column one_third'><div style=\"padding-top:10px;padding-right:10px;padding-left:10px;\"><p><img loading=\"lazy\" decoding=\"async\" class=\"alignnone wp-image-648\" src=\"https:\/\/2021.ostravskamuzejninoc.cz\/wp-content\/uploads\/2021\/07\/2200212-Vizualne-zvukova-dilna-foto-Daniela-Buryova-6-300x200.jpg\" alt=\"\" width=\"503\" height=\"335\" srcset=\"https:\/\/2021.ostravskamuzejninoc.cz\/wp-content\/uploads\/2021\/07\/2200212-Vizualne-zvukova-dilna-foto-Daniela-Buryova-6-300x200.jpg 300w, https:\/\/2021.ostravskamuzejninoc.cz\/wp-content\/uploads\/2021\/07\/2200212-Vizualne-zvukova-dilna-foto-Daniela-Buryova-6-1024x682.jpg 1024w, https:\/\/2021.ostravskamuzejninoc.cz\/wp-content\/uploads\/2021\/07\/2200212-Vizualne-zvukova-dilna-foto-Daniela-Buryova-6-768x511.jpg 768w, https:\/\/2021.ostravskamuzejninoc.cz\/wp-content\/uploads\/2021\/07\/2200212-Vizualne-zvukova-dilna-foto-Daniela-Buryova-6-1536x1023.jpg 1536w, https:\/\/2021.ostravskamuzejninoc.cz\/wp-content\/uploads\/2021\/07\/2200212-Vizualne-zvukova-dilna-foto-Daniela-Buryova-6-2048x1363.jpg 2048w, https:\/\/2021.ostravskamuzejninoc.cz\/wp-content\/uploads\/2021\/07\/2200212-Vizualne-zvukova-dilna-foto-Daniela-Buryova-6-226x150.jpg 226w\" sizes=\"auto, (max-width: 503px) 100vw, 503px\" \/><\/p><\/div><\/div>\n<div class='content-column one_third'><div style=\"padding-right:10px;padding-left:10px;\"><p>Na wielu akcjach nale\u017cy okaza\u0107 paszport covidowy. Dotyczy to doros\u0142ych i dzieci od 6 lat. Szczeg\u00f3\u0142y znajd\u0105 Pa\u0144stwo <a href=\"https:\/\/2021.ostravskamuzejninoc.cz\/partneri-2\/\">TUTAJ<\/a><\/p>\n<p>Tematem tegorocznej edycji jest<\/p>\n<p><span class=\"intro\">\u015aWIAT W OBRAZACH<\/span><\/p>\n<p style=\"text-align: right;\">#ostravskamuzejninoc<br \/>\n#svetvobrazech<\/p><\/div><\/div>\n<div class='content-column one_third last_column'><div style=\"padding-top:10px;padding-right:10px;padding-left:10px;\"><p><img loading=\"lazy\" decoding=\"async\" class=\"alignnone wp-image-504\" src=\"https:\/\/2021.ostravskamuzejninoc.cz\/wp-content\/uploads\/2021\/07\/OMV-v-PLATO-02-300x200.jpg\" alt=\"\" width=\"586\" height=\"390\" srcset=\"https:\/\/2021.ostravskamuzejninoc.cz\/wp-content\/uploads\/2021\/07\/OMV-v-PLATO-02-300x200.jpg 300w, https:\/\/2021.ostravskamuzejninoc.cz\/wp-content\/uploads\/2021\/07\/OMV-v-PLATO-02-1024x683.jpg 1024w, https:\/\/2021.ostravskamuzejninoc.cz\/wp-content\/uploads\/2021\/07\/OMV-v-PLATO-02-768x512.jpg 768w, https:\/\/2021.ostravskamuzejninoc.cz\/wp-content\/uploads\/2021\/07\/OMV-v-PLATO-02-226x151.jpg 226w, https:\/\/2021.ostravskamuzejninoc.cz\/wp-content\/uploads\/2021\/07\/OMV-v-PLATO-02.jpg 1500w\" sizes=\"auto, (max-width: 586px) 100vw, 586px\" \/><\/p><\/div><\/div><div class='clear_column'><\/div><br \/>\n<span id=\"program\"> <\/span><br \/>\n<span class=\"intro\">PROGRAM<br \/>\n<div class='container-fluid rt-tpg-container rt-tpg-container-159 ' data-sc-id='159' id='rt-tpg-container-1382475805'><div class='rt-row rt-content-loader layout1'><style type='text\/css' media='all'>#rt-tpg-container-1382475805 .rt-detail i,\n                        #rt-tpg-container-1382475805 .rt-detail .post-meta-user a,\n                        #rt-tpg-container-1382475805 .rt-detail .post-meta-category a{color:#ffffff;}body .rt-tpg-container .rt-tpg-isotope-buttons .selected{background-color:#ffffff;}#rt-tpg-container-1382475805 .pagination li a,\n                #rt-tpg-container-1382475805 .rt-tpg-isotope-buttons button,\n                #rt-tpg-container-1382475805 .rt-detail .read-more a{background-color:#000000;}<\/style><div class=\"rt-col-lg-4 rt-col-md-4 rt-col-sm-6 rt-col-xs-12 rt-equal-height\" data-id=\"95\"><div class=\"rt-holder\"><div class=\"rt-img-holder\"><a href=\"https:\/\/2021.ostravskamuzejninoc.cz\/pl\/ostravske-muzeum\/\"><img loading=\"lazy\" decoding=\"async\" width=\"440\" height=\"300\" src=\"https:\/\/2021.ostravskamuzejninoc.cz\/wp-content\/uploads\/2021\/07\/ostravske-muzeum1-440x300.jpg\" class=\"img-responsive\" alt=\"\" \/><\/a><\/div> <div class=\"rt-detail\"><h2 class=\"entry-title\"><a href=\"https:\/\/2021.ostravskamuzejninoc.cz\/pl\/ostravske-muzeum\/\">OSTRAWSKIE MUZEUM<\/a><\/h2><\/div><\/div><\/div><div class=\"rt-col-lg-4 rt-col-md-4 rt-col-sm-6 rt-col-xs-12 rt-equal-height\" data-id=\"297\"><div class=\"rt-holder\"><div class=\"rt-img-holder\"><a href=\"https:\/\/2021.ostravskamuzejninoc.cz\/pl\/galerie-vytvarneho-umeni-v-ostrave\/\"><img loading=\"lazy\" decoding=\"async\" width=\"440\" height=\"300\" src=\"https:\/\/2021.ostravskamuzejninoc.cz\/wp-content\/uploads\/2021\/07\/2021-duben-DU-Roman-Polasek-WEB-440x300.jpg\" class=\"img-responsive\" alt=\"\" \/><\/a><\/div> <div class=\"rt-detail\"><h2 class=\"entry-title\"><a href=\"https:\/\/2021.ostravskamuzejninoc.cz\/pl\/galerie-vytvarneho-umeni-v-ostrave\/\">GALERIE SZTUK PI\u0118KNYCH W OSTRAWIE, organizacja bud\u017cetowa<\/a><\/h2><\/div><\/div><\/div><div class=\"rt-col-lg-4 rt-col-md-4 rt-col-sm-6 rt-col-xs-12 rt-equal-height\" data-id=\"295\"><div class=\"rt-holder\"><div class=\"rt-img-holder\"><a href=\"https:\/\/2021.ostravskamuzejninoc.cz\/pl\/radnice-mesta-ostravy\/\"><img loading=\"lazy\" decoding=\"async\" width=\"440\" height=\"300\" src=\"https:\/\/2021.ostravskamuzejninoc.cz\/wp-content\/uploads\/2021\/07\/prokesovo_namesti-440x300.jpg\" class=\"img-responsive\" alt=\"\" \/><\/a><\/div> <div class=\"rt-detail\"><h2 class=\"entry-title\"><a href=\"https:\/\/2021.ostravskamuzejninoc.cz\/pl\/radnice-mesta-ostravy\/\">RATUSZ MIASTA OSTRAWY<\/a><\/h2><\/div><\/div><\/div><div class=\"rt-col-lg-4 rt-col-md-4 rt-col-sm-6 rt-col-xs-12 rt-equal-height\" data-id=\"287\"><div class=\"rt-holder\"><div class=\"rt-img-holder\"><a href=\"https:\/\/2021.ostravskamuzejninoc.cz\/pl\/vystavni-sin-sokolska-26\/\"><img loading=\"lazy\" decoding=\"async\" width=\"440\" height=\"300\" src=\"https:\/\/2021.ostravskamuzejninoc.cz\/wp-content\/uploads\/2021\/07\/ckv_vila-440x300.jpg\" class=\"img-responsive\" alt=\"\" \/><\/a><\/div> <div class=\"rt-detail\"><h2 class=\"entry-title\"><a href=\"https:\/\/2021.ostravskamuzejninoc.cz\/pl\/vystavni-sin-sokolska-26\/\">SIE\u0143 WYSTAWIENNICZA SOKOLSK\u00c1 26<\/a><\/h2><\/div><\/div><\/div><div class=\"rt-col-lg-4 rt-col-md-4 rt-col-sm-6 rt-col-xs-12 rt-equal-height\" data-id=\"286\"><div class=\"rt-holder\"><div class=\"rt-img-holder\"><a href=\"https:\/\/2021.ostravskamuzejninoc.cz\/pl\/minikino-kavarna\/\"><img loading=\"lazy\" decoding=\"async\" width=\"440\" height=\"300\" src=\"https:\/\/2021.ostravskamuzejninoc.cz\/wp-content\/uploads\/2021\/07\/minikino-440x300.jpg\" class=\"img-responsive\" alt=\"\" \/><\/a><\/div> <div class=\"rt-detail\"><h2 class=\"entry-title\"><a href=\"https:\/\/2021.ostravskamuzejninoc.cz\/pl\/minikino-kavarna\/\">MINI-KINO KAWIARNIA<\/a><\/h2><\/div><\/div><\/div><div class=\"rt-col-lg-4 rt-col-md-4 rt-col-sm-6 rt-col-xs-12 rt-equal-height\" data-id=\"285\"><div class=\"rt-holder\"><div class=\"rt-img-holder\"><a href=\"https:\/\/2021.ostravskamuzejninoc.cz\/pl\/klub-atlantik\/\"><img loading=\"lazy\" decoding=\"async\" width=\"440\" height=\"300\" src=\"https:\/\/2021.ostravskamuzejninoc.cz\/wp-content\/uploads\/2021\/07\/atlantik-440x300.jpg\" class=\"img-responsive\" alt=\"\" \/><\/a><\/div> <div class=\"rt-detail\"><h2 class=\"entry-title\"><a href=\"https:\/\/2021.ostravskamuzejninoc.cz\/pl\/klub-atlantik\/\">KLUB ATLANTIK<\/a><\/h2><\/div><\/div><\/div><div class=\"rt-col-lg-4 rt-col-md-4 rt-col-sm-6 rt-col-xs-12 rt-equal-height\" data-id=\"279\"><div class=\"rt-holder\"><div class=\"rt-img-holder\"><a href=\"https:\/\/2021.ostravskamuzejninoc.cz\/pl\/plato-platforma-pro-soucasne-umeni\/\"><img loading=\"lazy\" decoding=\"async\" width=\"440\" height=\"300\" src=\"https:\/\/2021.ostravskamuzejninoc.cz\/wp-content\/uploads\/2021\/07\/DSC_0998-440x300.jpg\" class=\"img-responsive\" alt=\"\" \/><\/a><\/div> <div class=\"rt-detail\"><h2 class=\"entry-title\"><a href=\"https:\/\/2021.ostravskamuzejninoc.cz\/pl\/plato-platforma-pro-soucasne-umeni\/\">PLATO Ostrawa<\/a><\/h2><\/div><\/div><\/div><div class=\"rt-col-lg-4 rt-col-md-4 rt-col-sm-6 rt-col-xs-12 rt-equal-height\" data-id=\"273\"><div class=\"rt-holder\"><div class=\"rt-img-holder\"><a href=\"https:\/\/2021.ostravskamuzejninoc.cz\/pl\/hasicske-muzeum-mesta-ostravy\/\"><img loading=\"lazy\" decoding=\"async\" width=\"440\" height=\"300\" src=\"https:\/\/2021.ostravskamuzejninoc.cz\/wp-content\/uploads\/2021\/07\/hasicske_01-440x300.jpg\" class=\"img-responsive\" alt=\"\" \/><\/a><\/div> <div class=\"rt-detail\"><h2 class=\"entry-title\"><a href=\"https:\/\/2021.ostravskamuzejninoc.cz\/pl\/hasicske-muzeum-mesta-ostravy\/\">MUZEUM STRA\u017bACKIE MIASTA OSTRAWY<\/a><\/h2><\/div><\/div><\/div><div class=\"rt-col-lg-4 rt-col-md-4 rt-col-sm-6 rt-col-xs-12 rt-equal-height\" data-id=\"270\"><div class=\"rt-holder\"><div class=\"rt-img-holder\"><a href=\"https:\/\/2021.ostravskamuzejninoc.cz\/pl\/antikvariat-a-klub-fiducia\/\"><img loading=\"lazy\" decoding=\"async\" width=\"440\" height=\"300\" src=\"https:\/\/2021.ostravskamuzejninoc.cz\/wp-content\/uploads\/2021\/07\/fiducia-440x300.jpg\" class=\"img-responsive\" alt=\"\" \/><\/a><\/div> <div class=\"rt-detail\"><h2 class=\"entry-title\"><a href=\"https:\/\/2021.ostravskamuzejninoc.cz\/pl\/antikvariat-a-klub-fiducia\/\">ANTYKWARIAT I KLUB FIDUCIA<\/a><\/h2><\/div><\/div><\/div><div class=\"rt-col-lg-4 rt-col-md-4 rt-col-sm-6 rt-col-xs-12 rt-equal-height\" data-id=\"262\"><div class=\"rt-holder\"><div class=\"rt-img-holder\"><a href=\"https:\/\/2021.ostravskamuzejninoc.cz\/pl\/vytvarne-centrum-chagall\/\"><img loading=\"lazy\" decoding=\"async\" width=\"440\" height=\"300\" src=\"https:\/\/2021.ostravskamuzejninoc.cz\/wp-content\/uploads\/2021\/07\/12_Chagall_zdenek-janosik-kopie-440x300.jpg\" class=\"img-responsive\" alt=\"\" \/><\/a><\/div> <div class=\"rt-detail\"><h2 class=\"entry-title\"><a href=\"https:\/\/2021.ostravskamuzejninoc.cz\/pl\/vytvarne-centrum-chagall\/\">V\u00ddTVARN\u00c9 CENTRUM CHAGALL<\/a><\/h2><\/div><\/div><\/div><div class=\"rt-col-lg-4 rt-col-md-4 rt-col-sm-6 rt-col-xs-12 rt-equal-height\" data-id=\"257\"><div class=\"rt-holder\"><div class=\"rt-img-holder\"><a href=\"https:\/\/2021.ostravskamuzejninoc.cz\/pl\/muzeum-a-galerie-mlejn\/\"><img loading=\"lazy\" decoding=\"async\" width=\"440\" height=\"300\" src=\"https:\/\/2021.ostravskamuzejninoc.cz\/wp-content\/uploads\/2021\/07\/mlejn_01-440x300.jpg\" class=\"img-responsive\" alt=\"\" \/><\/a><\/div> <div class=\"rt-detail\"><h2 class=\"entry-title\"><a href=\"https:\/\/2021.ostravskamuzejninoc.cz\/pl\/muzeum-a-galerie-mlejn\/\">MUZEUM I GALERIA MLEJN (M\u0142yn)<\/a><\/h2><\/div><\/div><\/div><div class=\"rt-col-lg-4 rt-col-md-4 rt-col-sm-6 rt-col-xs-12 rt-equal-height\" data-id=\"253\"><div class=\"rt-holder\"><div class=\"rt-img-holder\"><a href=\"https:\/\/2021.ostravskamuzejninoc.cz\/pl\/galerie-jama-10\/\"><img loading=\"lazy\" decoding=\"async\" width=\"440\" height=\"300\" src=\"https:\/\/2021.ostravskamuzejninoc.cz\/wp-content\/uploads\/2021\/07\/jama_10-440x300.jpg\" class=\"img-responsive\" alt=\"\" \/><\/a><\/div> <div class=\"rt-detail\"><h2 class=\"entry-title\"><a href=\"https:\/\/2021.ostravskamuzejninoc.cz\/pl\/galerie-jama-10\/\">J\u00c1MA 10 GALLERY<\/a><\/h2><\/div><\/div><\/div><div class=\"rt-col-lg-4 rt-col-md-4 rt-col-sm-6 rt-col-xs-12 rt-equal-height\" data-id=\"244\"><div class=\"rt-holder\"><div class=\"rt-img-holder\"><a href=\"https:\/\/2021.ostravskamuzejninoc.cz\/pl\/narodni-zemedelske-muzeum\/\"><img loading=\"lazy\" decoding=\"async\" width=\"440\" height=\"300\" src=\"https:\/\/2021.ostravskamuzejninoc.cz\/wp-content\/uploads\/2021\/07\/exterier-440x300.jpg\" class=\"img-responsive\" alt=\"\" \/><\/a><\/div> <div class=\"rt-detail\"><h2 class=\"entry-title\"><a href=\"https:\/\/2021.ostravskamuzejninoc.cz\/pl\/narodni-zemedelske-muzeum\/\">NARODOWA MUZEUM ROLNICZE W OSTRAWIE<\/a><\/h2><\/div><\/div><\/div><div class=\"rt-col-lg-4 rt-col-md-4 rt-col-sm-6 rt-col-xs-12 rt-equal-height\" data-id=\"234\"><div class=\"rt-holder\"><div class=\"rt-img-holder\"><a href=\"https:\/\/2021.ostravskamuzejninoc.cz\/pl\/milan-dobes-museum\/\"><img loading=\"lazy\" decoding=\"async\" width=\"440\" height=\"300\" src=\"https:\/\/2021.ostravskamuzejninoc.cz\/wp-content\/uploads\/2021\/07\/16_Milan-Dobes-museum_zdenek-janosik-kopie-440x300.jpg\" class=\"img-responsive\" alt=\"\" \/><\/a><\/div> <div class=\"rt-detail\"><h2 class=\"entry-title\"><a href=\"https:\/\/2021.ostravskamuzejninoc.cz\/pl\/milan-dobes-museum\/\">MILAN DOBE\u0160 MUSEUM<\/a><\/h2><\/div><\/div><\/div><div class=\"rt-col-lg-4 rt-col-md-4 rt-col-sm-6 rt-col-xs-12 rt-equal-height\" data-id=\"230\"><div class=\"rt-holder\"><div class=\"rt-img-holder\"><a href=\"https:\/\/2021.ostravskamuzejninoc.cz\/pl\/narodni-pamatkovy-ustav\/\"><img loading=\"lazy\" decoding=\"async\" width=\"440\" height=\"300\" src=\"https:\/\/2021.ostravskamuzejninoc.cz\/wp-content\/uploads\/2021\/07\/01_npu-744x497-1-440x300.jpg\" class=\"img-responsive\" alt=\"\" \/><\/a><\/div> <div class=\"rt-detail\"><h2 class=\"entry-title\"><a href=\"https:\/\/2021.ostravskamuzejninoc.cz\/pl\/narodni-pamatkovy-ustav\/\">NARODOWY INSTYTUT KONSERWATORA ZABYTK\u00d3W, filia w Ostrawie<\/a><\/h2><\/div><\/div><\/div><div class=\"rt-col-lg-4 rt-col-md-4 rt-col-sm-6 rt-col-xs-12 rt-equal-height\" data-id=\"225\"><div class=\"rt-holder\"><div class=\"rt-img-holder\"><a href=\"https:\/\/2021.ostravskamuzejninoc.cz\/pl\/dul-michal\/\"><img loading=\"lazy\" decoding=\"async\" width=\"440\" height=\"300\" src=\"https:\/\/2021.ostravskamuzejninoc.cz\/wp-content\/uploads\/2021\/07\/20_Dul-Michal-kopie-440x300.jpg\" class=\"img-responsive\" alt=\"\" \/><\/a><\/div> <div class=\"rt-detail\"><h2 class=\"entry-title\"><a href=\"https:\/\/2021.ostravskamuzejninoc.cz\/pl\/dul-michal\/\">KOPALNIA MICHA\u0141<\/a><\/h2><\/div><\/div><\/div><div class=\"rt-col-lg-4 rt-col-md-4 rt-col-sm-6 rt-col-xs-12 rt-equal-height\" data-id=\"220\"><div class=\"rt-holder\"><div class=\"rt-img-holder\"><a href=\"https:\/\/2021.ostravskamuzejninoc.cz\/pl\/dopravni-podnik-ostrava\/\"><img loading=\"lazy\" decoding=\"async\" width=\"440\" height=\"300\" src=\"https:\/\/2021.ostravskamuzejninoc.cz\/wp-content\/uploads\/2021\/07\/21_Dopravni-podnik-Ostrava-2-kopie-440x300.jpg\" class=\"img-responsive\" alt=\"\" \/><\/a><\/div> <div class=\"rt-detail\"><h2 class=\"entry-title\"><a href=\"https:\/\/2021.ostravskamuzejninoc.cz\/pl\/dopravni-podnik-ostrava\/\">ZAK\u0141AD KOMUNIKACJI MIEJSKIEJ OSTRAWA s.a.<\/a><\/h2><\/div><\/div><\/div><div class=\"rt-col-lg-4 rt-col-md-4 rt-col-sm-6 rt-col-xs-12 rt-equal-height\" data-id=\"214\"><div class=\"rt-holder\"><div class=\"rt-img-holder\"><a href=\"https:\/\/2021.ostravskamuzejninoc.cz\/pl\/knihovna-mesta-ostravy\/\"><img loading=\"lazy\" decoding=\"async\" width=\"440\" height=\"300\" src=\"https:\/\/2021.ostravskamuzejninoc.cz\/wp-content\/uploads\/2021\/07\/foto2_kmo-440x300.jpg\" class=\"img-responsive\" alt=\"\" \/><\/a><\/div> <div class=\"rt-detail\"><h2 class=\"entry-title\"><a href=\"https:\/\/2021.ostravskamuzejninoc.cz\/pl\/knihovna-mesta-ostravy\/\">BIBLIOTEKA MIASTA OSTRAWY<\/a><\/h2><\/div><\/div><\/div><div class=\"rt-col-lg-4 rt-col-md-4 rt-col-sm-6 rt-col-xs-12 rt-equal-height\" data-id=\"203\"><div class=\"rt-holder\"><div class=\"rt-img-holder\"><a href=\"https:\/\/2021.ostravskamuzejninoc.cz\/pl\/janackova-filharmonie-ostrava\/\"><img loading=\"lazy\" decoding=\"async\" width=\"440\" height=\"300\" src=\"https:\/\/2021.ostravskamuzejninoc.cz\/wp-content\/uploads\/2021\/07\/jfo_01-440x300.jpg\" class=\"img-responsive\" alt=\"\" \/><\/a><\/div> <div class=\"rt-detail\"><h2 class=\"entry-title\"><a href=\"https:\/\/2021.ostravskamuzejninoc.cz\/pl\/janackova-filharmonie-ostrava\/\">FILHARMONIA IM. JAN\u00c1\u010cKA OSTRAWA I DOM KULTURY MIASTA OSTRAWY<\/a><\/h2><\/div><\/div><\/div><div class=\"rt-col-lg-4 rt-col-md-4 rt-col-sm-6 rt-col-xs-12 rt-equal-height\" data-id=\"184\"><div class=\"rt-holder\"><div class=\"rt-img-holder\"><a href=\"https:\/\/2021.ostravskamuzejninoc.cz\/pl\/sablona\/\"><img loading=\"lazy\" decoding=\"async\" width=\"440\" height=\"300\" src=\"https:\/\/2021.ostravskamuzejninoc.cz\/wp-content\/uploads\/2021\/07\/Obvod-Morvaska-Ostrava-a-Privoz-440x300.jpg\" class=\"img-responsive\" alt=\"\" \/><\/a><\/div> <div class=\"rt-detail\"><h2 class=\"entry-title\"><a href=\"https:\/\/2021.ostravskamuzejninoc.cz\/pl\/sablona\/\">RATUSZ DZIELNICY MORAWSKA OSTRAWA I PRZYW\u00d3Z<\/a><\/h2><\/div><\/div><\/div><div class=\"rt-col-lg-4 rt-col-md-4 rt-col-sm-6 rt-col-xs-12 rt-equal-height\" data-id=\"140\"><div class=\"rt-holder\"><div class=\"rt-img-holder\"><a href=\"https:\/\/2021.ostravskamuzejninoc.cz\/pl\/studio-g\/\"><img loading=\"lazy\" decoding=\"async\" width=\"440\" height=\"300\" src=\"https:\/\/2021.ostravskamuzejninoc.cz\/wp-content\/uploads\/2021\/07\/Budova-Studio-G-1-440x300.jpg\" class=\"img-responsive\" alt=\"\" \/><\/a><\/div> <div class=\"rt-detail\"><h2 class=\"entry-title\"><a href=\"https:\/\/2021.ostravskamuzejninoc.cz\/pl\/studio-g\/\">STUDIO G<\/a><\/h2><\/div><\/div><\/div><div class=\"rt-col-lg-4 rt-col-md-4 rt-col-sm-6 rt-col-xs-12 rt-equal-height\" data-id=\"1085\"><div class=\"rt-holder\"><div class=\"rt-img-holder\"><a href=\"https:\/\/2021.ostravskamuzejninoc.cz\/pl\/lidova-konzervator-a-muzicka-skola\/\"><img loading=\"lazy\" decoding=\"async\" width=\"400\" height=\"271\" src=\"https:\/\/2021.ostravskamuzejninoc.cz\/wp-content\/uploads\/2021\/06\/konzervator.jpg\" class=\"img-responsive\" alt=\"\" srcset=\"https:\/\/2021.ostravskamuzejninoc.cz\/wp-content\/uploads\/2021\/06\/konzervator.jpg 400w, https:\/\/2021.ostravskamuzejninoc.cz\/wp-content\/uploads\/2021\/06\/konzervator-300x203.jpg 300w, https:\/\/2021.ostravskamuzejninoc.cz\/wp-content\/uploads\/2021\/06\/konzervator-226x153.jpg 226w\" sizes=\"auto, (max-width: 400px) 100vw, 400px\" \/><\/a><\/div> <div class=\"rt-detail\"><h2 class=\"entry-title\"><a href=\"https:\/\/2021.ostravskamuzejninoc.cz\/pl\/lidova-konzervator-a-muzicka-skola\/\">KONSERWATORIUM LUDOWE ORAZ SZKOLA MUZYCZNA, organizacja bud\u017cetowa<\/a><\/h2><\/div><\/div><\/div><\/div><\/div><\/span><\/p>\n<p>&nbsp;<\/p>\n","protected":false},"excerpt":{"rendered":"","protected":false},"author":1,"featured_media":0,"parent":0,"menu_order":0,"comment_status":"closed","ping_status":"closed","template":"","meta":{"footnotes":""},"class_list":["post-168","page","type-page","status-publish","hentry"],"_links":{"self":[{"href":"https:\/\/2021.ostravskamuzejninoc.cz\/pl\/wp-json\/wp\/v2\/pages\/168","targetHints":{"allow":["GET"]}}],"collection":[{"href":"https:\/\/2021.ostravskamuzejninoc.cz\/pl\/wp-json\/wp\/v2\/pages"}],"about":[{"href":"https:\/\/2021.ostravskamuzejninoc.cz\/pl\/wp-json\/wp\/v2\/types\/page"}],"author":[{"embeddable":true,"href":"https:\/\/2021.ostravskamuzejninoc.cz\/pl\/wp-json\/wp\/v2\/users\/1"}],"replies":[{"embeddable":true,"href":"https:\/\/2021.ostravskamuzejninoc.cz\/pl\/wp-json\/wp\/v2\/comments?post=168"}],"version-history":[{"count":145,"href":"https:\/\/2021.ostravskamuzejninoc.cz\/pl\/wp-json\/wp\/v2\/pages\/168\/revisions"}],"predecessor-version":[{"id":1245,"href":"https:\/\/2021.ostravskamuzejninoc.cz\/pl\/wp-json\/wp\/v2\/pages\/168\/revisions\/1245"}],"wp:attachment":[{"href":"https:\/\/2021.ostravskamuzejninoc.cz\/pl\/wp-json\/wp\/v2\/media?parent=168"}],"curies":[{"name":"wp","href":"https:\/\/api.w.org\/{rel}","templated":true}]}}